{"id":22,"date":"2021-11-18T18:01:06","date_gmt":"2021-11-18T17:01:06","guid":{"rendered":"http:\/\/suicafilms.com\/?page_id=22"},"modified":"2024-07-24T14:58:55","modified_gmt":"2024-07-24T13:58:55","slug":"equipo","status":"publish","type":"page","link":"http:\/\/suicafilms.com\/?page_id=22","title":{"rendered":"Equipo"},"content":{"rendered":"<p>[vc_row css=\u00bb.vc_custom_1638553550499{margin-bottom: 20px !important;}\u00bb][vc_column]<div class=\"edgtf-single-image-holder     edgtf-image-align-center\">\n    <div class=\"edgtf-si-inner\" >\n                                    <img loading=\"lazy\" decoding=\"async\" width=\"1500\" height=\"643\" src=\"http:\/\/suicafilms.com\/wp-content\/uploads\/2021\/12\/equipo-suicafilms.jpg\" class=\"attachment-full size-full\" alt=\"Suica films - equipo\" srcset=\"http:\/\/suicafilms.com\/wp-content\/uploads\/2021\/12\/equipo-suicafilms.jpg 1500w, http:\/\/suicafilms.com\/wp-content\/uploads\/2021\/12\/equipo-suicafilms-300x129.jpg 300w, http:\/\/suicafilms.com\/wp-content\/uploads\/2021\/12\/equipo-suicafilms-1024x439.jpg 1024w, http:\/\/suicafilms.com\/wp-content\/uploads\/2021\/12\/equipo-suicafilms-768x329.jpg 768w\" sizes=\"auto, (max-width: 1500px) 100vw, 1500px\" \/>\t                                    <\/div>\n<\/div>[\/vc_column][\/vc_row][vc_row][vc_column][vc_column_text]<strong>SUICAfilms<\/strong> <strong>nace de la asociaci\u00f3n entre Pepe Andreu y Rafa Mol\u00e9s<\/strong>, apasionados por el formato documental y por sus posibilidades expresivas y de alcance social.<\/p>\n<p>Desde el a\u00f1o 2013 <strong>SUICAfilms<\/strong>\u00a0trabaja en la creaci\u00f3n cinematogr\u00e1fica <strong>tanto en el g\u00e9nero documental como en la ficci\u00f3n<\/strong>. Sus obras han sido premiadas o seleccionadas en cert\u00e1menes como la Quinzaine des R\u00e9alisateurs del Festival y la Semaine de la Critique\u00a0de Cannes (FR), el Festival de San Sebasti\u00e1n, TIFF Toronto (CA), Varsovia (PL), Tallin Black Nights (EE), Visions du R\u00e9el (SUI), Tokyo Film Festival (JP), Tesal\u00f3nica (GR), Taipei Golden Horse (TW) o el Santa Barbara International Film Festival (EEUU), entre muchos otros.[\/vc_column_text][vc_empty_space][\/vc_column][\/vc_row][vc_row disable_element=\u00bbyes\u00bb][vc_column]<div class=\"edgtf-accordion-holder edgtf-ac-default   edgtf-toggle clearfix\">\n\t<h5 class=\"edgtf-accordion-title\">\n    <span class=\"edgtf-accordion-mark\">\n\t\t<span class=\"edgtf_icon_plus arrow_carrot-down\"><\/span>\n\t\t<span class=\"edgtf_icon_minus arrow_carrot-up\"><\/span>\n\t<\/span>\n\t<span class=\"edgtf-tab-title\">Rafa Mol\u00e9s<\/span>\n<\/h5>\n<div class=\"edgtf-accordion-content\">\n\t<div class=\"edgtf-accordion-content-inner\">\n\t\t[vc_column_text]Director, Guionista y Periodista. Licenciado en Ciencias de la Informaci\u00f3n. En el a\u00f1o 2012 recibe el premio \u00abPeriodista del a\u00f1o\u00bb en la III Edici\u00f3n de los Premios Period\u00edsticos de la Comunidad Valenciana.<\/p>\n<p>Codirector del largometraje documental \u2018<strong>Five days to dance<\/strong>\u2018 (2014), ganador del premio Canal + en el Festival MiradasDoc y seleccionado en el Festival de San Sebasti\u00e1n, el Festival DocsBarcelona o el Festival Internacional de Santa B\u00e1rbara.<\/p>\n<p>Codirector del largo documental \u2018<strong>Sara Baras. Todas las voces<\/strong> \u2018(2016) Estrenado en el Festival de M\u00e1laga y Premio Miradas en el Festival Internacional DocsVal\u00e8ncia 2017 (Seleccionado en Krakow International Film Festival. Finalista en los Premios Forqu\u00e9 2018)<\/p>\n<p>Codirector del largometraje documental \u2018<strong>Experiment Stuka<\/strong>\u2019 (2018). Estrenado en Docs Valencia y seleccionado apra DocsBracelona.<\/p>\n<p>Codridector del programa de radio y televisi\u00f3n \u2018Una habitaci\u00f3n propia\u2019 Producer para <strong>SUICAfilms<\/strong> para <strong>\u00c0 Punt M\u00e8dia<\/strong>.<\/p>\n<p>Periodista, durante 16 a\u00f1os, en Radio Televisi\u00f3n Valenciana-Canal 9. Director del programa Sociedad An\u00f3nima de Canal 9-RTVV. De 2010 a 2014, programa semanal en horario de m\u00e1xima audiencia de reportaje social. En 2003 se convierte en cofundador del Equipo de Investigaci\u00f3n de los Servicios Informativos de la cadena p\u00fablica de televisi\u00f3n TVV-Canal 9 e inicia siete a\u00f1os de trabajo en la realizaci\u00f3n de reportajes y documentales para el programa Dossiers.<\/p>\n<p>Ha sido profesor del Departamento de Ciencias de la Comunicaci\u00f3n de la Universidad Jaume I de Castell\u00f3n.[\/vc_column_text][vc_empty_space height=\u00bb10px\u00bb]<div class=\"edgtf-iwt clearfix  edgtf-iwt-icon-left edgtf-iwt-icon-tiny\">\n\t<div class=\"edgtf-iwt-icon\">\n\t\t\t\t\t<a itemprop=\"url\" href=\"mailto:rafamoles@suicafilms.com\" target=\"_self\">\n\t\t\t\t\t\t\t\t\t    <span class=\"edgtf-icon-shortcode edgtf-normal   edgtf-icon-tiny\"  data-color=\"#cc6666\">\n                    <span aria-hidden=\"true\" class=\"edgtf-icon-font-elegant arrow_carrot-right edgtf-icon-element\" style=\"color: #cc6666\" ><\/span>            <\/span>\n\t\t\t\t\t\t\t\t<\/a>\n\t\t\t<\/div>\n\t<div class=\"edgtf-iwt-content\" >\n\t\t\t\t\t<h5 class=\"edgtf-iwt-title\" >\n\t\t\t\t\t\t\t\t\t<a itemprop=\"url\" href=\"mailto:rafamoles@suicafilms.com\" target=\"_self\">\n\t\t\t\t\t\t\t\t<span class=\"edgtf-iwt-title-text\">Email<\/span>\n\t\t\t\t\t\t\t\t\t<\/a>\n\t\t\t\t\t\t\t<\/h5>\n\t\t\t\t\t\t\t<p class=\"edgtf-iwt-text\" style=\"margin-top: -5px\">rafamoles@suicafilms.com<\/p>\n\t\t\t<\/div>\n<\/div>\t<\/div>\n<\/div><h5 class=\"edgtf-accordion-title\">\n    <span class=\"edgtf-accordion-mark\">\n\t\t<span class=\"edgtf_icon_plus arrow_carrot-down\"><\/span>\n\t\t<span class=\"edgtf_icon_minus arrow_carrot-up\"><\/span>\n\t<\/span>\n\t<span class=\"edgtf-tab-title\">Pepe Andreu<\/span>\n<\/h5>\n<div class=\"edgtf-accordion-content\">\n\t<div class=\"edgtf-accordion-content-inner\">\n\t\t[vc_column_text]Director, Guionista y Realizador. Licenciado en Ciencias de la Informaci\u00f3n (Imagen y Sonido). 20 a\u00f1os de experiencia profesional.<\/p>\n<p>Codirector del largometraje documental \u2018<strong>Five days to dance<\/strong>\u2018 (2014), ganador del premio Canal + en el Festival MiradasDoc y seleccionado en el Festival de San Sebasti\u00e1n, el Festival DocsBarcelona o el Festival Internacional de Santa B\u00e1rbara.<\/p>\n<p>Codirector del largo documental \u2018<strong>Sara Baras. Todas las voces<\/strong> \u2018(2016) Estrenado en el Festival de M\u00e1laga y Premio Miradas en el Festival Internacional DocsVal\u00e8ncia 2017. Seleccionado en Krakow International Film Festival y finalista en los Premios Forqu\u00e9 2018.<\/p>\n<p>Codirector del largometraje documental \u2018<strong>Experiment Stuka<\/strong>\u2019 (2018). Estrenado en Docs Valencia y seleccionado para DocsBracelona.<\/p>\n<p>Codirector del programa de radio y televisi\u00f3n \u2018Una habitaci\u00f3n propia\u2019 producido por <strong>SUICAfilms<\/strong> para <strong>\u00c0 Punt M\u00e8dia<\/strong>.<\/p>\n<p>Durante 16 a\u00f1os ha trabajado como realizador en Televisi\u00f3n Valenciana-Canal 9. Fue Jefe de unidad del Departamento de Promociones (2007\/09). Realizador del programa Dossiers, programa decano de Canal 9, donde ha participado en la producci\u00f3n de m\u00faltiples documentales. Realizador de los informativos de Canal 9 y retransmisiones. En el a\u00f1o 2012 se convierte en realizador del programa Sociedad An\u00f3nima.<\/p>\n<p>En 2005 dirigi\u00f3 el documental \u2018El Misterio de Elche: las voces de un pueblo\u2019.[\/vc_column_text][vc_empty_space height=\u00bb10px\u00bb]<div class=\"edgtf-iwt clearfix  edgtf-iwt-icon-left edgtf-iwt-icon-tiny\">\n\t<div class=\"edgtf-iwt-icon\">\n\t\t\t\t\t<a itemprop=\"url\" href=\"mailto:andreu@suicafilms.com\" target=\"_self\">\n\t\t\t\t\t\t\t\t\t    <span class=\"edgtf-icon-shortcode edgtf-normal   edgtf-icon-tiny\"  data-color=\"#cc6666\">\n                    <span aria-hidden=\"true\" class=\"edgtf-icon-font-elegant arrow_carrot-right edgtf-icon-element\" style=\"color: #cc6666\" ><\/span>            <\/span>\n\t\t\t\t\t\t\t\t<\/a>\n\t\t\t<\/div>\n\t<div class=\"edgtf-iwt-content\" >\n\t\t\t\t\t<h5 class=\"edgtf-iwt-title\" >\n\t\t\t\t\t\t\t\t\t<a itemprop=\"url\" href=\"mailto:andreu@suicafilms.com\" target=\"_self\">\n\t\t\t\t\t\t\t\t<span class=\"edgtf-iwt-title-text\">Email<\/span>\n\t\t\t\t\t\t\t\t\t<\/a>\n\t\t\t\t\t\t\t<\/h5>\n\t\t\t\t\t\t\t<p class=\"edgtf-iwt-text\" style=\"margin-top: -5px\">andreu@suicafilms.com<\/p>\n\t\t\t<\/div>\n<\/div>\t<\/div>\n<\/div><h5 class=\"edgtf-accordion-title\">\n    <span class=\"edgtf-accordion-mark\">\n\t\t<span class=\"edgtf_icon_plus arrow_carrot-down\"><\/span>\n\t\t<span class=\"edgtf_icon_minus arrow_carrot-up\"><\/span>\n\t<\/span>\n\t<span class=\"edgtf-tab-title\">Patricia Velert<\/span>\n<\/h5>\n<div class=\"edgtf-accordion-content\">\n\t<div class=\"edgtf-accordion-content-inner\">\n\t\t[vc_column_text]Nace en Valencia en 1973. Estudia en un colegio biling\u00fce franc\u00e9s y es licenciada en Econom\u00eda. con un master en marketing y comunicaci\u00f3n audiovisual.<\/p>\n<p>En el 2001 hace un giro en su trayectoria inicialmente enfocada a la contabilidad para integrarse en el equipo de producci\u00f3n de <strong>Canal 9, Televisi\u00f3n Valenciana<\/strong>.<\/p>\n<p>Durante los doce a\u00f1os de productora en la cadena pasa por diferentes departamentos: Informativos, Deportes y Programas que le aportan un amplio conocimiento y dominio de las m\u00faltiples fases de la producci\u00f3n televisiva.<\/p>\n<p>Tras 12 a\u00f1os de aventura en televisi\u00f3n, se une al equipo de la reci\u00e9n fundada <strong>SUICAfilms<\/strong>, compa\u00f1\u00eda dirigida por dos apasionados y locos contadores de historias Rafa Mol\u00e9s y Pepe Andreu, a los que conoce desde su paso por Canal 9.<\/p>\n<p>Se instala en el Pa\u00eds Vasco, desde donde dirigir\u00e1 la producci\u00f3n del primer trabajo de SUICAfilms \u2018<strong>Five days to dance<\/strong>\u2019 que pasa por festivales internacionales como Docs Barcelona, Festival de San Sebasti\u00e1n y Santa B\u00e1rbara Film Festival.<\/p>\n<p>Desde entonces dirige la producci\u00f3n de diversos proyectos documentales y publicitarios .<\/p>\n<p>Su trabajo le brinda la posibilidad de conocer otras realidades y vivir de esta manera un mundo mucho mayor y apasionante. Desarrolla y dirige la producci\u00f3n de proyectos, busca y gestiona ayudas y hace posible que podamos verlos por todo el mundo.<\/p>\n<p>Como dice un amigo: \u2019La vida est\u00e1 pasando, la vida compensa\u2019.[\/vc_column_text][vc_empty_space height=\u00bb10px\u00bb]<div class=\"edgtf-iwt clearfix  edgtf-iwt-icon-left edgtf-iwt-icon-tiny\">\n\t<div class=\"edgtf-iwt-icon\">\n\t\t\t\t\t<a itemprop=\"url\" href=\"mailto:patriciavelert@suicafilms.com\" target=\"_self\">\n\t\t\t\t\t\t\t\t\t    <span class=\"edgtf-icon-shortcode edgtf-normal   edgtf-icon-tiny\"  data-color=\"#cc6666\">\n                    <span aria-hidden=\"true\" class=\"edgtf-icon-font-elegant arrow_carrot-right edgtf-icon-element\" style=\"color: #cc6666\" ><\/span>            <\/span>\n\t\t\t\t\t\t\t\t<\/a>\n\t\t\t<\/div>\n\t<div class=\"edgtf-iwt-content\" >\n\t\t\t\t\t<h5 class=\"edgtf-iwt-title\" >\n\t\t\t\t\t\t\t\t\t<a itemprop=\"url\" href=\"mailto:patriciavelert@suicafilms.com\" target=\"_self\">\n\t\t\t\t\t\t\t\t<span class=\"edgtf-iwt-title-text\">Email<\/span>\n\t\t\t\t\t\t\t\t\t<\/a>\n\t\t\t\t\t\t\t<\/h5>\n\t\t\t\t\t\t\t<p class=\"edgtf-iwt-text\" style=\"margin-top: -5px\">patriciavelert@suicafilms.com<\/p>\n\t\t\t<\/div>\n<\/div>\t<\/div>\n<\/div><h5 class=\"edgtf-accordion-title\">\n    <span class=\"edgtf-accordion-mark\">\n\t\t<span class=\"edgtf_icon_plus arrow_carrot-down\"><\/span>\n\t\t<span class=\"edgtf_icon_minus arrow_carrot-up\"><\/span>\n\t<\/span>\n\t<span class=\"edgtf-tab-title\">Natalia Maestro<\/span>\n<\/h5>\n<div class=\"edgtf-accordion-content\">\n\t<div class=\"edgtf-accordion-content-inner\">\n\t\t[vc_column_text]Licenciada en Ciencias de la Informaci\u00f3n (Imagen) y Master Executive Education en direcci\u00f3n de empresas audiovisuales. Certificado de aptitud pedag\u00f3gica (CAP) por la Universidad de Valencia.<\/p>\n<p>Esta valenciana nacida en 1971 trabaja y crece durante trece a\u00f1os en <strong>Malvarrosa Media<\/strong>. Aqu\u00ed ejerce como productora de programas para la televisi\u00f3n p\u00fablica valenciana, produce y asume la producci\u00f3n de cortometrajes y largometrajes de ficci\u00f3n como \u2018Didi Hollywood\u2019 (2010) de Bigas Luna y \u2018Lo mejor de Eva\u2019 (2011) en coproducci\u00f3n con TeleCinco y dirigida por Mariano Barroso, entre otras muchas producciones.<\/p>\n<p>En 2015 cruza el charco a Nueva York para realizar la direcci\u00f3n de producci\u00f3n de \u2018<strong>My bakery in Brooklyn<\/strong>\u2019 de Gustavo Ron y producida por La Canica Films. Este trabajo completa su extensa trayectoria en cine de ficci\u00f3n a nivel internacional.<\/p>\n<p>Su pasi\u00f3n por el cine le lleva a unirse al proyecto de SUICAfilms desde donde desarrolla la producci\u00f3n ejecutiva de numerosos proyectos documentales para cine y programas para televisi\u00f3n y radio, como \u2018Una habitaci\u00f3n propia\u2019 para <strong>\u00c0 Punt M\u00e8dia<\/strong>.<\/p>\n<p>Estratega en esencia, dise\u00f1a las trayectorias financieras de cada trabajo y su perfecta consecuci\u00f3n.<\/p>\n<p>Adem\u00e1s, gestiona las relaciones contractuales de SUICAfilms con televisiones, organismos p\u00fablicos y distribuidoras.[\/vc_column_text][vc_empty_space height=\u00bb10px\u00bb]<div class=\"edgtf-iwt clearfix  edgtf-iwt-icon-left edgtf-iwt-icon-tiny\">\n\t<div class=\"edgtf-iwt-icon\">\n\t\t\t\t\t<a itemprop=\"url\" href=\"mailto:nataliamaestro@suicafilms.com\" target=\"_self\">\n\t\t\t\t\t\t\t\t\t    <span class=\"edgtf-icon-shortcode edgtf-normal   edgtf-icon-tiny\"  data-color=\"#cc6666\">\n                    <span aria-hidden=\"true\" class=\"edgtf-icon-font-elegant arrow_carrot-right edgtf-icon-element\" style=\"color: #cc6666\" ><\/span>            <\/span>\n\t\t\t\t\t\t\t\t<\/a>\n\t\t\t<\/div>\n\t<div class=\"edgtf-iwt-content\" >\n\t\t\t\t\t<h5 class=\"edgtf-iwt-title\" >\n\t\t\t\t\t\t\t\t\t<a itemprop=\"url\" href=\"mailto:nataliamaestro@suicafilms.com\" target=\"_self\">\n\t\t\t\t\t\t\t\t<span class=\"edgtf-iwt-title-text\">Email<\/span>\n\t\t\t\t\t\t\t\t\t<\/a>\n\t\t\t\t\t\t\t<\/h5>\n\t\t\t\t\t\t\t<p class=\"edgtf-iwt-text\" style=\"margin-top: -5px\">nataliamaestro@suicafilms.com<\/p>\n\t\t\t<\/div>\n<\/div>\t<\/div>\n<\/div><\/div>[\/vc_column][\/vc_row]<\/p>\n","protected":false},"excerpt":{"rendered":"<p>[vc_row css=\u00bb.vc_custom_1638553550499{margin-bottom: 20px !important;}\u00bb][vc_column][\/vc_column][\/vc_row][vc_row][vc_column][vc_column_text]SUICAfilms nace de la asociaci\u00f3n entre Pepe Andreu y Rafa Mol\u00e9s, apasionados por el formato documental y por sus posibilidades expresivas y de alcance social. Desde el a\u00f1o 2013 SUICAfilms\u00a0trabaja en la creaci\u00f3n cinematogr\u00e1fica tanto en el [&hellip;]<\/p>\n","protected":false},"author":1,"featured_media":0,"parent":0,"menu_order":0,"comment_status":"closed","ping_status":"closed","template":"","meta":{"footnotes":""},"class_list":["post-22","page","type-page","status-publish","hentry"],"_links":{"self":[{"href":"http:\/\/suicafilms.com\/index.php?rest_route=\/wp\/v2\/pages\/22","targetHints":{"allow":["GET"]}}],"collection":[{"href":"http:\/\/suicafilms.com\/index.php?rest_route=\/wp\/v2\/pages"}],"about":[{"href":"http:\/\/suicafilms.com\/index.php?rest_route=\/wp\/v2\/types\/page"}],"author":[{"embeddable":true,"href":"http:\/\/suicafilms.com\/index.php?rest_route=\/wp\/v2\/users\/1"}],"replies":[{"embeddable":true,"href":"http:\/\/suicafilms.com\/index.php?rest_route=%2Fwp%2Fv2%2Fcomments&post=22"}],"version-history":[{"count":51,"href":"http:\/\/suicafilms.com\/index.php?rest_route=\/wp\/v2\/pages\/22\/revisions"}],"predecessor-version":[{"id":1479,"href":"http:\/\/suicafilms.com\/index.php?rest_route=\/wp\/v2\/pages\/22\/revisions\/1479"}],"wp:attachment":[{"href":"http:\/\/suicafilms.com\/index.php?rest_route=%2Fwp%2Fv2%2Fmedia&parent=22"}],"curies":[{"name":"wp","href":"https:\/\/api.w.org\/{rel}","templated":true}]}}